{"id":1553,"date":"2013-11-13T17:26:14","date_gmt":"2013-11-13T17:26:14","guid":{"rendered":"http:\/\/www.grupotuttopiccolo.com\/?page_id=1553"},"modified":"2014-04-11T12:04:16","modified_gmt":"2014-04-11T12:04:16","slug":"empresa","status":"publish","type":"page","link":"https:\/\/www.grupotuttopiccolo.com\/fr\/empresa\/","title":{"rendered":"Entreprise"},"content":{"rendered":"<p><div id=\"aq-template-wrapper-2072\" class=\"aq-template-wrapper aq_row\"><div id=\"aq-block-2072-1\" class=\"aq-block aq-block-met_concept_slider_one aq_span12 aq-first clearfix\">\t\t\t<div class=\"row-fluid\">\r\n\t\t\t\t<div class=\"span12\">\r\n\t\t\t\t\t<div class=\"met_slider_wrap\">\r\n\t\t\t\t\t\t<div id=\"met_concept_slider_69ef271eb52e8\" class=\"met_slider clearfix\">\r\n\t\t\t\t\t\t\t\t\t\t\t\t\t\t\t<div class=\"met_slider_item clearfix\">\r\n\t\t\t\t\t\t\t\t\t<div class=\"met_slider_item_preview\"><a href=\"http:\/\/\"><img src=\"http:\/\/www.grupotuttopiccolo.com\/wp-content\/uploads\/2015\/01\/Grupo_Tutto_Piccolo_Empresa_SS15.jpg\" alt=\"\"><\/a><\/div>\r\n\t\t\t\t\t\t\t\t\t<article class=\"met_slider_item_caption met_bgcolor4 met_color2\">\r\n\t\t\t\t\t\t\t\t\t\t<div>\r\n\t\t\t\t\t\t\t\t\t\t\t\t\t\t\t\t\t\t\t\t\t\t<h3 class=\"met_title_stack met_bold_one\">Tutto Piccolo<\/h3><br>\t\t\t\t\t\t\t\t\t\t\t<p>C\u2019est un produit sp\u00e9cial, chaleureux, classique et innovant. Un v\u00eatement Tutto Piccolo.<\/p>\t\t\t\t\t\t\t\t\t\t\t<br><a href=\"http:\/\/www.tuttopiccolo.com\/fr\/\" class=\"met_bgcolor met_button\">Visiter le Web<\/a>\t\t\t\t\t\t\t\t\t\t<\/div>\r\n\t\t\t\t\t\t\t\t\t<\/article>\r\n\t\t\t\t\t\t\t\t<\/div>\r\n\t\t\t\t\t\t\t\t\t\t\t\t\t\t\t<div class=\"met_slider_item clearfix\">\r\n\t\t\t\t\t\t\t\t\t<div class=\"met_slider_item_preview\"><a href=\"http:\/\/\"><img src=\"http:\/\/www.grupotuttopiccolo.com\/wp-content\/uploads\/2015\/02\/Agatha_Ruiz_De_La_Prada_Baby_Profesional_SS15.jpg\" alt=\"\"><\/a><\/div>\r\n\t\t\t\t\t\t\t\t\t<article class=\"met_slider_item_caption met_bgcolor4 met_color2\">\r\n\t\t\t\t\t\t\t\t\t\t<div>\r\n\t\t\t\t\t\t\t\t\t\t\t\t\t\t\t\t\t\t\t\t\t\t<h3 class=\"met_title_stack met_bold_one\">Agatha Ruiz de la Prada Baby<\/h3><br>\t\t\t\t\t\t\t\t\t\t\t<p>Designs originaux, couleurs amusantes, c\u0153urs, nuages et fleurs<\/p>\t\t\t\t\t\t\t\t\t\t\t<br><a href=\"http:\/\/store.agatharuizdelapradababy.com\/fr\/\" class=\"met_bgcolor met_button\">Visiter le Web<\/a>\t\t\t\t\t\t\t\t\t\t<\/div>\r\n\t\t\t\t\t\t\t\t\t<\/article>\r\n\t\t\t\t\t\t\t\t<\/div>\r\n\t\t\t\t\t\t\t\t\t\t\t\t\t<\/div>\r\n\t\t\t\t\t\t\t\t\t\t\t\t<a href=\"#\" class=\"met_slider_nav_prev met_bgcolor met_bgcolor_transition2 met_color2\"><i class=\"icon-chevron-left\"><\/i><\/a>\r\n\t\t\t\t\t\t<a href=\"#\" class=\"met_slider_nav_next met_bgcolor met_bgcolor_transition2 met_color2\"><i class=\"icon-chevron-right\"><\/i><\/a>\r\n\t\t\t\t\t\t\t\t\t\t\t\t<div class=\"met_slider_overlay\"><\/div>\r\n\t\t\t\t\t<\/div>\r\n\t\t\t\t<\/div>\r\n\t\t\t<\/div><!-- Slider Ends  -->\r\n\r\n\t\t\t<script>\r\n\t\t\t\tjQuery(window).load(function(){\r\n\t\t\t\t\tjQuery(\"#met_concept_slider_69ef271eb52e8\").carouFredSel({\r\n\t\t\t\t\t\tresponsive: true,\r\n\t\t\t\t\t\tprev: { button : function(){ return jQuery(this).parents('.met_slider_wrap').find('.met_slider_nav_prev') } },\r\n\t\t\t\t\t\tnext:{ button : function(){ return jQuery(this).parents('.met_slider_wrap').find('.met_slider_nav_next') } },\r\n\t\t\t\t\t\tcircular: true,\r\n\t\t\t\t\t\tinfinite: true,\r\n\t\t\t\t\t\tauto: { play : true, pauseDuration: 0, duration: 2000 },\r\n\t\t\t\t\t\tscroll: { items: 1, duration: 400, wipe: true, pauseOnHover: true, fx: 'crossfade' },\r\n\t\t\t\t\t\titems: { visible: { min: 1, max: 1 }, height: 'variable' },\r\n\t\t\t\t\t\tonCreate: function(){\r\n\t\t\t\t\t\t\tjQuery(this).parents('.met_slider_wrap').find('.met_slider_overlay').fadeOut('fast',function(){\r\n\t\t\t\t\t\t\t\tjQuery(this).remove();\r\n\t\t\t\t\t\t\t});\r\n\t\t\t\t\t\t}\r\n\t\t\t\t\t});\r\n\t\t\t\t});\r\n\t\t\t<\/script>\r\n<\/div><div id=\"aq-block-2072-2\" class=\"aq-block aq-block-met_page_header aq_span12 aq-first clearfix\">\r\n\t\t\t<div class=\"row-fluid\">\r\n\t\t\t\t<div class=\"span12\">\r\n\t\t\t\t\t<div class=\"met_page_header met_bgcolor5 clearfix\">\r\n\t\t\t\t\t\t<h1 class=\"met_bgcolor met_color2\">Entreprise<\/h1>\r\n\t\t\t\t\t\t<h2 class=\"met_color2\">&nbsp;<\/h2>\r\n\t\t\t\t\t<\/div>\r\n\t\t\t\t<\/div>\r\n\t\t\t<\/div><\/div><div id=\"aq-block-2072-3\" class=\"aq-block aq-block-met_heading_block aq_span12 aq-first clearfix\"><h1 >Qui sommes nous ? La capacit\u00e9 de l\u2019entreprise<\/h1><\/div><div id=\"aq-block-2072-4\" class=\"aq-block aq-block-met_text_block aq_span12 aq-first clearfix\">\t\t<div class=\"row-fluid\">\r\n\t\t\t<div class=\"span12\">\r\n\t\t\t\t<div class=\"met_text_block\" style=\"font-size:14px;line-height:21px;background-color:#F1F4F7!important;color:#65676F!important;padding: 30\"><p style=\"text-align: justify;\"><span style=\"color: #999999;\">Le Groupe Tutto Piccolo compte plus de 2 000 points de vente directe, 7 boutiques et 54 stands dans les diff\u00e9rentes zones commerciales ainsi que dans des endroits uniques.<\/span><\/p>   \n<p style=\"text-align: justify;\"><span style=\"color: #999999;\">Le Groupe Tutto Piccolo, en plus de son si\u00e8ge central, dispose de deux d\u00e9l\u00e9gations pour contr\u00f4ler la production et la distribution : Tutto Piccolo Am\u00e9rique du Nord et Tutto Piccolo Asie ; Capables de produire plus d\u2019un million et demi de v\u00eatements par an. <\/span><\/p>\n<\/div>\r\n\t\t\t<\/div>\r\n\t\t<\/div>\r\n<\/div><div id=\"aq-block-2072-5\" class=\"aq-block aq-block-met_heading_block aq_span6 aq-first clearfix\"><h1 >Tutto Piccolo<\/h1><\/div><div id=\"aq-block-2072-6\" class=\"aq-block aq-block-met_heading_block aq_span6  clearfix\"><h1 >Agatha Ruiz de la Prada Baby <\/h1><\/div><div id=\"aq-block-2072-7\" class=\"aq-block aq-block-met_text_block aq_span6 aq-first clearfix\">\t\t<div class=\"row-fluid\">\r\n\t\t\t<div class=\"span12\">\r\n\t\t\t\t<div class=\"met_text_block\" style=\"font-size:14px;line-height:21px;background-color:#F1F4F7!important;color:#9e9fa0!important;padding: 30\"><p style=\"text-align: justify;\">Tutto Piccolo na\u00eet en 1982 d'une collection limit\u00e9e d\u2019un go\u00fbt exquis. Ce go\u00fbt fut rapidement transmis \u00e0 tous les v\u00eatements de ses diff\u00e9rentes collections ; ext\u00e9rieur, pyjama, layette, bain et ses accessoires \u2026 Avec des innovations constantes dans la conception et la cr\u00e9ation de ses produits. Le look Tutto Piccolo se caract\u00e9rise par l\u2019\u00e9l\u00e9gance, l\u2019unique, le diff\u00e9rent, sans jamais para\u00eetre exag\u00e9r\u00e9. C\u2019est un produit chaleureux, classique et innovant, un v\u00eatement sp\u00e9cial, un v\u00eatement Tutto Piccolo. <\/span><\/p>   <\/div>\r\n\t\t\t<\/div>\r\n\t\t<\/div>\r\n<\/div><div id=\"aq-block-2072-8\" class=\"aq-block aq-block-met_text_block aq_span6  clearfix\">\t\t<div class=\"row-fluid\">\r\n\t\t\t<div class=\"span12\">\r\n\t\t\t\t<div class=\"met_text_block\" style=\"font-size:14px;line-height:21px;background-color:#F1F4F7!important;color:#9e9fa0!important;padding: 30\"><p style=\"text-align: justify;\">En 2002 Agatha Ruiz de la Prada, fort de son succ\u00e8s au sein du march\u00e9 pour b\u00e9b\u00e9,  pense au groupe Tutto Piccolo pour d\u00e9velopper ses produits. \u00ab La mode intemporelle \u00bb. Des dessins originaux, des couleurs amusantes, des c\u0153urs, nuages et fleurs cr\u00e9ent un univers de joie autour de leurs produits, c\u2019est ainsi qu\u2019est Agatha Ruiz de la Prada Baby<\/span><\/p><\/div>\r\n\t\t\t<\/div>\r\n\t\t<\/div>\r\n<\/div><div id=\"aq-block-2072-9\" class=\"aq-block aq-block-aq_clear_block aq_span12 aq-first clearfix\"><\/div><div id=\"aq-block-2072-10\" class=\"aq-block aq-block-met_blog_list_one aq_span12 aq-first clearfix\">\r\n\t\t\t<div class=\"row-fluid\">\r\n\t\t\t\t\t\t\t\t\t\t\t\t\t<div class=\"span2\">\r\n\t\t\t\t\t<div class=\"met_dated_blog_posts\">\r\n\t\t\t\t\t\t<span class=\"met_date\">25<\/span>\r\n\t\t\t\t\t\t<span class=\"met_month\">October<\/span>\r\n\t\t\t\t\t\t<article>\r\n\t\t\t\t\t\t\t<h3>ICEX-BREXIT<\/h3>\r\n\t\t\t\t\t\t\t<p>Nuestra empresa ha sido beneficiaria de una ayuda por parte\u2026<\/p>\r\n\t\t\t\t\t\t\t<a href=\"https:\/\/www.grupotuttopiccolo.com\/fr\/icex-brexit\/\" class=\"met_read_more met_color\">Lire plus<\/a>\r\n\t\t\t\t\t\t<\/article>\r\n\t\t\t\t\t<\/div>\r\n\t\t\t\t<\/div>\r\n\t\t\t\t\t\t\t\t\t\t<div class=\"span2\">\r\n\t\t\t\t\t<div class=\"met_dated_blog_posts\">\r\n\t\t\t\t\t\t<span class=\"met_date\">18<\/span>\r\n\t\t\t\t\t\t<span class=\"met_month\">April<\/span>\r\n\t\t\t\t\t\t<article>\r\n\t\t\t\t\t\t\t<h3>Consultor\u00eda estrat\u00e9gica<\/h3>\r\n\t\t\t\t\t\t\t<p>Tutto Piccolo, S.A. ha realizado acciones enfocadas a la consultor\u00eda\u2026<\/p>\r\n\t\t\t\t\t\t\t<a href=\"https:\/\/www.grupotuttopiccolo.com\/fr\/consultoria-estrategica\/\" class=\"met_read_more met_color\">Lire plus<\/a>\r\n\t\t\t\t\t\t<\/article>\r\n\t\t\t\t\t<\/div>\r\n\t\t\t\t<\/div>\r\n\t\t\t\t\t\t\t\t\t\t<div class=\"span2\">\r\n\t\t\t\t\t<div class=\"met_dated_blog_posts\">\r\n\t\t\t\t\t\t<span class=\"met_date\">18<\/span>\r\n\t\t\t\t\t\t<span class=\"met_month\">January<\/span>\r\n\t\t\t\t\t\t<article>\r\n\t\t\t\t\t\t\t<h3>Web Digitaliza 2022<\/h3>\r\n\t\t\t\t\t\t\t<p>La empresa TUTTO PICCOLO, S.A. mediante el apoyo financiero del\u2026<\/p>\r\n\t\t\t\t\t\t\t<a href=\"https:\/\/www.grupotuttopiccolo.com\/fr\/web-digitaliza-2022\/\" class=\"met_read_more met_color\">Lire plus<\/a>\r\n\t\t\t\t\t\t<\/article>\r\n\t\t\t\t\t<\/div>\r\n\t\t\t\t<\/div>\r\n\t\t\t\t\t\t\t\t\t\t<div class=\"span2\">\r\n\t\t\t\t\t<div class=\"met_dated_blog_posts\">\r\n\t\t\t\t\t\t<span class=\"met_date\">24<\/span>\r\n\t\t\t\t\t\t<span class=\"met_month\">January<\/span>\r\n\t\t\t\t\t\t<article>\r\n\t\t\t\t\t\t\t<h3>Tutto Piccolo junto con Asepri en INDEX<\/h3>\r\n\t\t\t\t\t\t\t<p>TUTTO PICCOLO junto con ASEPRI, S.L. ha participado en la\u2026<\/p>\r\n\t\t\t\t\t\t\t<a href=\"https:\/\/www.grupotuttopiccolo.com\/fr\/tutto-piccolo-junto-con-asepri-en-index\/\" class=\"met_read_more met_color\">Lire plus<\/a>\r\n\t\t\t\t\t\t<\/article>\r\n\t\t\t\t\t<\/div>\r\n\t\t\t\t<\/div>\r\n\t\t\t\t\t\t\t\t\t\t<div class=\"span2\">\r\n\t\t\t\t\t<div class=\"met_dated_blog_posts\">\r\n\t\t\t\t\t\t<span class=\"met_date\">03<\/span>\r\n\t\t\t\t\t\t<span class=\"met_month\">January<\/span>\r\n\t\t\t\t\t\t<article>\r\n\t\t\t\t\t\t\t<h3>Ayudas IVACE<\/h3>\r\n\t\t\t\t\t\t\t<p>La empresa ha recibido una ayuda del organismo Instituto Valenciano\u2026<\/p>\r\n\t\t\t\t\t\t\t<a href=\"https:\/\/www.grupotuttopiccolo.com\/fr\/ayudas-ivace\/\" class=\"met_read_more met_color\">Lire plus<\/a>\r\n\t\t\t\t\t\t<\/article>\r\n\t\t\t\t\t<\/div>\r\n\t\t\t\t<\/div>\r\n\t\t\t\t\t\t\t\t\t\t<div class=\"span2\">\r\n\t\t\t\t\t<div class=\"met_dated_blog_posts\">\r\n\t\t\t\t\t\t<span class=\"met_date\">14<\/span>\r\n\t\t\t\t\t\t<span class=\"met_month\">July<\/span>\r\n\t\t\t\t\t\t<article>\r\n\t\t\t\t\t\t\t<h3>Agatha Ruiz de la Prada Baby Spring Summer 18<\/h3>\r\n\t\t\t\t\t\t\t<p>Agatha Ruiz de la Prada Baby Summer 2018 trends \u00a0\u2026<\/p>\r\n\t\t\t\t\t\t\t<a href=\"https:\/\/www.grupotuttopiccolo.com\/fr\/agatha-ruiz-la-prada-baby-spring-summer-18\/\" class=\"met_read_more met_color\">Lire plus<\/a>\r\n\t\t\t\t\t\t<\/article>\r\n\t\t\t\t\t<\/div>\r\n\t\t\t\t<\/div>\r\n\t\t\t\t\t\t<\/div>\r\n\r\n<\/div><\/div><\/p>","protected":false},"excerpt":{"rendered":"","protected":false},"author":6,"featured_media":0,"parent":0,"menu_order":0,"comment_status":"closed","ping_status":"closed","template":"","meta":{"footnotes":""},"aioseo_notices":[],"yoast_head":"<!-- This site is optimized with the Yoast SEO plugin v16.2 - https:\/\/yoast.com\/wordpress\/plugins\/seo\/ -->\n<meta name=\"robots\" content=\"index, follow, max-snippet:-1, max-image-preview:large, max-video-preview:-1\" \/>\n<link rel=\"canonical\" href=\"https:\/\/www.grupotuttopiccolo.com\/empresa\/\" \/>\n<meta property=\"og:locale\" content=\"fr_FR\" \/>\n<meta property=\"og:type\" content=\"article\" \/>\n<meta property=\"og:title\" content=\"Empresa - Grupo Tutto Piccolo\" \/>\n<meta property=\"og:url\" content=\"https:\/\/www.grupotuttopiccolo.com\/empresa\/\" \/>\n<meta property=\"og:site_name\" content=\"Grupo Tutto Piccolo\" \/>\n<meta property=\"article:modified_time\" content=\"2014-04-11T12:04:16+00:00\" \/>\n<script type=\"application\/ld+json\" class=\"yoast-schema-graph\">{\"@context\":\"https:\/\/schema.org\",\"@graph\":[{\"@type\":\"WebSite\",\"@id\":\"https:\/\/www.grupotuttopiccolo.com\/#website\",\"url\":\"https:\/\/www.grupotuttopiccolo.com\/\",\"name\":\"Grupo Tutto Piccolo\",\"description\":\"Tutto Piccolo, ropa infantil, ropa bebe, ni\\u00f1o, ni\\u00f1a, tienda online, moda infantil, newborn, minikinder, vestido ni\\u00f1a, bebe\",\"potentialAction\":[{\"@type\":\"SearchAction\",\"target\":\"https:\/\/www.grupotuttopiccolo.com\/?s={search_term_string}\",\"query-input\":\"required name=search_term_string\"}],\"inLanguage\":\"fr-FR\"},{\"@type\":\"WebPage\",\"@id\":\"https:\/\/www.grupotuttopiccolo.com\/empresa\/#webpage\",\"url\":\"https:\/\/www.grupotuttopiccolo.com\/empresa\/\",\"name\":\"Empresa - Grupo Tutto Piccolo\",\"isPartOf\":{\"@id\":\"https:\/\/www.grupotuttopiccolo.com\/#website\"},\"datePublished\":\"2013-11-13T17:26:14+00:00\",\"dateModified\":\"2014-04-11T12:04:16+00:00\",\"breadcrumb\":{\"@id\":\"https:\/\/www.grupotuttopiccolo.com\/empresa\/#breadcrumb\"},\"inLanguage\":\"fr-FR\",\"potentialAction\":[{\"@type\":\"ReadAction\",\"target\":[\"https:\/\/www.grupotuttopiccolo.com\/empresa\/\"]}]},{\"@type\":\"BreadcrumbList\",\"@id\":\"https:\/\/www.grupotuttopiccolo.com\/empresa\/#breadcrumb\",\"itemListElement\":[{\"@type\":\"ListItem\",\"position\":1,\"item\":{\"@type\":\"WebPage\",\"@id\":\"https:\/\/www.grupotuttopiccolo.com\/\",\"url\":\"https:\/\/www.grupotuttopiccolo.com\/\",\"name\":\"Home\"}},{\"@type\":\"ListItem\",\"position\":2,\"item\":{\"@id\":\"https:\/\/www.grupotuttopiccolo.com\/empresa\/#webpage\"}}]}]}<\/script>\n<!-- \/ Yoast SEO plugin. -->","_links":{"self":[{"href":"https:\/\/www.grupotuttopiccolo.com\/fr\/wp-json\/wp\/v2\/pages\/1553"}],"collection":[{"href":"https:\/\/www.grupotuttopiccolo.com\/fr\/wp-json\/wp\/v2\/pages"}],"about":[{"href":"https:\/\/www.grupotuttopiccolo.com\/fr\/wp-json\/wp\/v2\/types\/page"}],"author":[{"embeddable":true,"href":"https:\/\/www.grupotuttopiccolo.com\/fr\/wp-json\/wp\/v2\/users\/6"}],"replies":[{"embeddable":true,"href":"https:\/\/www.grupotuttopiccolo.com\/fr\/wp-json\/wp\/v2\/comments?post=1553"}],"version-history":[{"count":2,"href":"https:\/\/www.grupotuttopiccolo.com\/fr\/wp-json\/wp\/v2\/pages\/1553\/revisions"}],"predecessor-version":[{"id":2073,"href":"https:\/\/www.grupotuttopiccolo.com\/fr\/wp-json\/wp\/v2\/pages\/1553\/revisions\/2073"}],"wp:attachment":[{"href":"https:\/\/www.grupotuttopiccolo.com\/fr\/wp-json\/wp\/v2\/media?parent=1553"}],"curies":[{"name":"wp","href":"https:\/\/api.w.org\/{rel}","templated":true}]}}